{"id":3,"date":"2022-04-19T10:34:10","date_gmt":"2022-04-19T10:34:10","guid":{"rendered":"https:\/\/dr-versicherung.at\/?page_id=3"},"modified":"2024-03-18T13:16:24","modified_gmt":"2024-03-18T13:16:24","slug":"privacy-policy","status":"publish","type":"page","link":"https:\/\/dr-versicherung.at\/index.php\/privacy-policy\/","title":{"rendered":"Datenschutz"},"content":{"rendered":"<p><div class=\"fusion-fullwidth fullwidth-box fusion-builder-row-1 fusion-flex-container nonhundred-percent-fullwidth non-hundred-percent-height-scrolling\" style=\"--awb-border-radius-top-left:0px;--awb-border-radius-top-right:0px;--awb-border-radius-bottom-right:0px;--awb-border-radius-bottom-left:0px;--awb-flex-wrap:wrap;\" ><div class=\"fusion-builder-row fusion-row fusion-flex-align-items-flex-start fusion-flex-content-wrap\" style=\"max-width:1248px;margin-left: calc(-4% \/ 2 );margin-right: calc(-4% \/ 2 );\"><div class=\"fusion-layout-column fusion_builder_column fusion-builder-column-0 fusion_builder_column_1_1 1_1 fusion-flex-column\" style=\"--awb-bg-size:cover;--awb-width-large:100%;--awb-margin-top-large:0px;--awb-spacing-right-large:1.92%;--awb-margin-bottom-large:20px;--awb-spacing-left-large:1.92%;--awb-width-medium:100%;--awb-order-medium:0;--awb-spacing-right-medium:1.92%;--awb-spacing-left-medium:1.92%;--awb-width-small:100%;--awb-order-small:0;--awb-spacing-right-small:1.92%;--awb-spacing-left-small:1.92%;\"><div class=\"fusion-column-wrapper fusion-column-has-shadow fusion-flex-justify-content-flex-start fusion-content-layout-column\"><div class=\"fusion-menu-anchor\" id=\"#impressum\"><\/div><div class=\"fusion-title title fusion-title-1 fusion-sep-none fusion-title-text fusion-title-size-one\" style=\"--awb-margin-top-small:10px;--awb-margin-right-small:0px;--awb-margin-bottom-small:10px;--awb-margin-left-small:0px;\" id=\"impressum\"><h1 class=\"fusion-title-heading title-heading-left fusion-responsive-typography-calculated\" style=\"margin:0;--fontSize:64;line-height:var(--awb-typography1-line-height);\"><a href=\"https:\/\/dr-versicherung.at\/index.php\/privacy-policy\/#impressum\" class=\"awb-custom-text-color awb-custom-text-hover-color\" target=\"_self\">Impressum<\/a><\/h1><\/div><div class=\"fusion-text fusion-text-1\"><p>Informationspflicht laut \u00a75 E-Commerce Gesetz, \u00a714 Unternehmensgesetzbuch, \u00a763 Gewerbeordnung und Offenlegungspflicht laut \u00a725 Mediengesetz.<\/p>\n<p>D&amp;R Stein und Stummerer GmbH<br \/>\nFriedrich Leth-Gasse 9\/2,<br \/>\n2322 Zw\u00f6lfaxing,<br \/>\n\u00d6sterreich<\/p>\n<p><strong>Unternehmensgegenstand:<\/strong> Versicherungsvermittlung in der Form Versicherungsmakler und Beratung in Versicherungsangelegenheiten<br \/>\n<strong>GISA:<\/strong> 34624760<br \/>\n<strong>Firmenbuchnummer:<\/strong> 574916s<br \/>\n<strong>Firmenbuchgericht:<\/strong> Korneuburg<\/p>\n<p><strong>Tel.:<\/strong> 0676 43 29 160<br \/>\n<strong>E-Mail:<\/strong> <a href=\"mailto:office@dr-versicherung.at\">office@dr-versicherung.at<\/a><\/p>\n<p><strong>Gesch\u00e4ftsf\u00fchrer<\/strong><br \/>\nDavid Stummerer, Ren\u00e9 Stein<\/p>\n<p><strong>EU-Streitschlichtung<\/strong><\/p>\n<p>Gem\u00e4\u00df Verordnung \u00fcber Online-Streitbeilegung in Verbraucherangelegenheiten (ODR-Verordnung) m\u00f6chten wir Sie \u00fcber die Online-Streitbeilegungsplattform (OS-Plattform) informieren.<br \/>\nVerbraucher haben die M\u00f6glichkeit, Beschwerden an die Online Streitbeilegungsplattform der Europ\u00e4ischen Kommission unter <a href=\"https:\/\/ec.europa.eu\/consumers\/odr\/main\/index.cfm?event=main.home2.show&amp;lng=DE\">https:\/\/ec.europa.eu\/consumers\/odr\/main\/index.cfm?event=main.home2.show&amp;lng=DE<\/a> zu richten. Die daf\u00fcr notwendigen Kontaktdaten finden Sie oberhalb in unserem Impressum.<\/p>\n<p>Wir m\u00f6chten Sie jedoch darauf hinweisen, dass wir nicht bereit oder verpflichtet sind, an Streitbeilegungsverfahren vor einer Verbraucherschlichtungsstelle teilzunehmen.<\/p>\n<p><strong>Haftung f\u00fcr Inhalte dieser Website<\/strong><\/p>\n<p>Wir entwickeln die Inhalte dieser Website st\u00e4ndig weiter und bem\u00fchen uns korrekte und aktuelle Informationen bereitzustellen. Leider k\u00f6nnen wir keine Haftung f\u00fcr die Korrektheit aller Inhalte auf dieser Website \u00fcbernehmen, speziell f\u00fcr jene, die seitens Dritter bereitgestellt wurden. Als Diensteanbieter sind wir nicht verpflichtet, die von Ihnen \u00fcbermittelten oder gespeicherten Informationen zu \u00fcberwachen oder nach Umst\u00e4nden zu forschen, die auf eine rechtswidrige T\u00e4tigkeit hinweisen.<\/p>\n<p>Unsere Verpflichtungen zur Entfernung von Informationen oder zur Sperrung der Nutzung von Informationen nach den allgemeinen Gesetzen aufgrund von gerichtlichen oder beh\u00f6rdlichen Anordnungen bleiben auch im Falle unserer Nichtverantwortlichkeit davon unber\u00fchrt.<\/p>\n<p>Sollten Ihnen problematische oder rechtswidrige Inhalte auffallen, bitte wir Sie uns umgehend zu kontaktieren, damit wir die rechtswidrigen Inhalte entfernen k\u00f6nnen. Sie finden die Kontaktdaten im Impressum.<\/p>\n<p><strong>Haftung f\u00fcr Links auf dieser Website<\/strong><\/p>\n<p>Unsere Website enth\u00e4lt Links zu anderen Websites f\u00fcr deren Inhalt wir nicht verantwortlich sind. Haftung f\u00fcr verlinkte Websites besteht f\u00fcr uns nicht, da wir keine Kenntnis rechtswidriger T\u00e4tigkeiten hatten und haben, uns solche Rechtswidrigkeiten auch bisher nicht aufgefallen sind und wir Links sofort entfernen w\u00fcrden, wenn uns Rechtswidrigkeiten bekannt werden.<\/p>\n<p>Wenn Ihnen rechtswidrige Links auf unserer Website auffallen, bitte wir Sie uns zu kontaktieren. Sie finden die Kontaktdaten im Impressum.<\/p>\n<p><strong>Urheberrechtshinweis<\/strong><\/p>\n<p>Alle Inhalte dieser Webseite (Bilder, Fotos, Texte, Videos) unterliegen dem Urheberrecht. Bitte fragen Sie uns bevor Sie die Inhalte dieser Website verbreiten, vervielf\u00e4ltigen oder verwerten wie zum Beispiel auf anderen Websites erneut ver\u00f6ffentlichen. Falls notwendig, werden wir die unerlaubte Nutzung von Teilen der Inhalte unserer Seite rechtlich verfolgen.<\/p>\n<p>Sollten Sie auf dieser Webseite Inhalte finden, die das Urheberrecht verletzen, bitten wir Sie uns zu kontaktieren.<\/p>\n<p><strong>Bildernachweis<\/strong><\/p>\n<p>Die Bilder, Fotos und Grafiken auf dieser Webseite sind urheberrechtlich gesch\u00fctzt.<\/p>\n<p>Alle Texte sind urheberrechtlich gesch\u00fctzt.<\/p>\n<p>Quelle: Erstellt mit dem <a href=\"https:\/\/www.adsimple.at\/impressum-generator\/\">Impressum Generator<\/a> von AdSimple<\/p>\n<\/div><\/div><\/div><\/div><\/div><div class=\"fusion-fullwidth fullwidth-box fusion-builder-row-2 fusion-flex-container nonhundred-percent-fullwidth non-hundred-percent-height-scrolling\" style=\"--awb-border-radius-top-left:0px;--awb-border-radius-top-right:0px;--awb-border-radius-bottom-right:0px;--awb-border-radius-bottom-left:0px;--awb-flex-wrap:wrap;\" ><div class=\"fusion-builder-row fusion-row fusion-flex-align-items-flex-start fusion-flex-content-wrap\" style=\"max-width:1248px;margin-left: calc(-4% \/ 2 );margin-right: calc(-4% \/ 2 );\"><div class=\"fusion-layout-column fusion_builder_column fusion-builder-column-1 fusion_builder_column_1_1 1_1 fusion-flex-column\" style=\"--awb-bg-size:cover;--awb-width-large:100%;--awb-margin-top-large:0px;--awb-spacing-right-large:1.92%;--awb-margin-bottom-large:20px;--awb-spacing-left-large:1.92%;--awb-width-medium:100%;--awb-order-medium:0;--awb-spacing-right-medium:1.92%;--awb-spacing-left-medium:1.92%;--awb-width-small:100%;--awb-order-small:0;--awb-spacing-right-small:1.92%;--awb-spacing-left-small:1.92%;\"><div class=\"fusion-column-wrapper fusion-column-has-shadow fusion-flex-justify-content-flex-start fusion-content-layout-column\"><div class=\"fusion-menu-anchor\" id=\"#datenschutz\"><\/div><div class=\"fusion-title title fusion-title-2 fusion-sep-none fusion-title-text fusion-title-size-one\" style=\"--awb-margin-top-small:10px;--awb-margin-right-small:0px;--awb-margin-bottom-small:10px;--awb-margin-left-small:0px;\" id=\"datenschutz\"><h1 class=\"fusion-title-heading title-heading-left fusion-responsive-typography-calculated\" style=\"margin:0;--fontSize:64;line-height:var(--awb-typography1-line-height);\"><a href=\"https:\/\/dr-versicherung.at\/index.php\/privacy-policy\/#datenschutz\" class=\"awb-custom-text-color awb-custom-text-hover-color\" target=\"_self\">Datenschutzerkl\u00e4rung<\/a><\/h1><\/div><div class=\"fusion-text fusion-text-2\"><p><strong>Einleitung und \u00dcberblick<\/strong><\/p>\n<p>Wir haben diese Datenschutzerkl\u00e4rung (Fassung 11.04.2022-121996291) verfasst, um Ihnen gem\u00e4\u00df der Vorgaben der <a href=\"https:\/\/eur-lex.europa.eu\/legal-content\/DE\/TXT\/HTML\/?uri=CELEX:32016R0679&amp;from=DE&amp;tid=121996291#d1e2269-1-1\">Datenschutz-Grundverordnung (EU) 2016\/679<\/a> und anwendbaren nationalen Gesetzen zu erkl\u00e4ren, welche personenbezogenen Daten (kurz Daten) wir als Verantwortliche \u2013 und die von uns beauftragten Auftragsverarbeiter (z. B. Provider) \u2013 verarbeiten, zuk\u00fcnftig verarbeiten werden und welche rechtm\u00e4\u00dfigen M\u00f6glichkeiten Sie haben. Die verwendeten Begriffe sind geschlechtsneutral zu verstehen.<br \/>\n<strong>Kurz gesagt:<\/strong> Wir informieren Sie umfassend \u00fcber Daten, die wir \u00fcber Sie verarbeiten.<\/p>\n<p>Datenschutzerkl\u00e4rungen klingen f\u00fcr gew\u00f6hnlich sehr technisch und verwenden juristische Fachbegriffe. Diese Datenschutzerkl\u00e4rung soll Ihnen hingegen die wichtigsten Dinge so einfach und transparent wie m\u00f6glich beschreiben. Soweit es der Transparenz f\u00f6rderlich ist, werden technische <strong>Begriffe leserfreundlich erkl\u00e4rt<\/strong>, <strong>Links<\/strong> zu weiterf\u00fchrenden Informationen geboten und <strong>Grafiken<\/strong> zum Einsatz gebracht. Wir informieren damit in klarer und einfacher Sprache, dass wir im Rahmen unserer Gesch\u00e4ftst\u00e4tigkeiten nur dann personenbezogene Daten verarbeiten, wenn eine entsprechende gesetzliche Grundlage gegeben ist. Das ist sicher nicht m\u00f6glich, wenn man m\u00f6glichst knappe, unklare und juristisch-technische Erkl\u00e4rungen abgibt, so wie sie im Internet oft Standard sind, wenn es um Datenschutz geht. Ich hoffe, Sie finden die folgenden Erl\u00e4uterungen interessant und informativ und vielleicht ist die eine oder andere Information dabei, die Sie noch nicht kannten.<br \/>\nWenn trotzdem Fragen bleiben, m\u00f6chten wir Sie bitten, sich an die unten bzw. im Impressum genannte verantwortliche Stelle zu wenden, den vorhandenen Links zu folgen und sich weitere Informationen auf Drittseiten anzusehen. Unsere Kontaktdaten finden Sie selbstverst\u00e4ndlich auch im Impressum.<\/p>\n<p><strong>Anwendungsbereich<\/strong><\/p>\n<p>Diese Datenschutzerkl\u00e4rung gilt f\u00fcr alle von uns im Unternehmen verarbeiteten personenbezogenen Daten und f\u00fcr alle personenbezogenen Daten, die von uns beauftragte Firmen (Auftragsverarbeiter) verarbeiten. Mit personenbezogenen Daten meinen wir Informationen im Sinne des Art. 4 Nr. 1 DSGVO wie zum Beispiel Name, E-Mail-Adresse und postalische Anschrift einer Person. Die Verarbeitung personenbezogener Daten sorgt daf\u00fcr, dass wir unsere Dienstleistungen und Produkte anbieten und abrechnen k\u00f6nnen, sei es online oder offline. Der Anwendungsbereich dieser Datenschutzerkl\u00e4rung umfasst:<\/p>\n<ul>\n<li>alle Onlineauftritte (Websites, Onlineshops), die wir betreiben<\/li>\n<li>Social Media Auftritte und E-Mail-Kommunikation<\/li>\n<li>mobile Apps f\u00fcr Smartphones und andere Ger\u00e4te<\/li>\n<\/ul>\n<p><strong>Kurz gesagt:<\/strong> Die Datenschutzerkl\u00e4rung gilt f\u00fcr alle Bereiche, in denen personenbezogene Daten im Unternehmen \u00fcber die genannten Kan\u00e4le strukturiert verarbeitet werden. Sollten wir au\u00dferhalb dieser Kan\u00e4le mit Ihnen in Rechtsbeziehungen eintreten, werden wir Sie gegebenenfalls gesondert informieren.<\/p>\n<p><strong>Rechtsgrundlagen<\/strong><\/p>\n<p>In der folgenden Datenschutzerkl\u00e4rung geben wir Ihnen transparente Informationen zu den rechtlichen Grunds\u00e4tzen und Vorschriften, also den Rechtsgrundlagen der Datenschutz-Grundverordnung, die uns erm\u00f6glichen, personenbezogene Daten zu verarbeiten.<br \/>\nWas das EU-Recht betrifft, beziehen wir uns auf die VERORDNUNG (EU) 2016\/679 DES EUROP\u00c4ISCHEN PARLAMENTS UND DES RATES vom 27. April 2016. Diese Datenschutz-Grundverordnung der EU k\u00f6nnen Sie selbstverst\u00e4ndlich online auf EUR-Lex, dem Zugang zum EU-Recht, unter <a href=\"https:\/\/eur-lex.europa.eu\/legal-content\/DE\/ALL\/?uri=celex%3A32016R0679&amp;tid=121996291\">https:\/\/eur-lex.europa.eu\/legal-content\/DE\/TXT\/?uri=celex%3A32016R0679<\/a> nachlesen.<\/p>\n<p>Wir verarbeiten Ihre Daten nur, wenn mindestens eine der folgenden Bedingungen zutrifft:<\/p>\n<ol>\n<li><strong>Einwilligung<\/strong> (Artikel 6 Absatz 1 lit. a DSGVO): Sie haben uns Ihre Einwilligung gegeben, Daten zu einem bestimmten Zweck zu verarbeiten. Ein Beispiel w\u00e4re die Speicherung Ihrer eingegebenen Daten eines Kontaktformulars.<\/li>\n<li><strong>Vertrag<\/strong> (Artikel 6 Absatz 1 lit. b DSGVO): Um einen Vertrag oder vorvertragliche Verpflichtungen mit Ihnen zu erf\u00fcllen, verarbeiten wir Ihre Daten. Wenn wir zum Beispiel einen Kaufvertrag mit Ihnen abschlie\u00dfen, ben\u00f6tigen wir vorab personenbezogene Informationen.<\/li>\n<li><strong>Rechtliche Verpflichtung<\/strong> (Artikel 6 Absatz 1 lit. c DSGVO): Wenn wir einer rechtlichen Verpflichtung unterliegen, verarbeiten wir Ihre Daten. Zum Beispiel sind wir gesetzlich verpflichtet Rechnungen f\u00fcr die Buchhaltung aufzuheben. Diese enthalten in der Regel personenbezogene Daten.<\/li>\n<li><strong>Berechtigte Interessen<\/strong> (Artikel 6 Absatz 1 lit. f DSGVO): Im Falle berechtigter Interessen, die Ihre Grundrechte nicht einschr\u00e4nken, behalten wir uns die Verarbeitung personenbezogener Daten vor. Wir m\u00fcssen zum Beispiel gewisse Daten verarbeiten, um unsere Website sicher und wirtschaftlich effizient betreiben zu k\u00f6nnen. Diese Verarbeitung ist somit ein berechtigtes Interesse.<\/li>\n<\/ol>\n<p>Weitere Bedingungen wie die Wahrnehmung von Aufnahmen im \u00f6ffentlichen Interesse und Aus\u00fcbung \u00f6ffentlicher Gewalt sowie dem Schutz lebenswichtiger Interessen treten bei uns in der Regel nicht auf. Soweit eine solche Rechtsgrundlage doch einschl\u00e4gig sein sollte, wird diese an der entsprechenden Stelle ausgewiesen.<\/p>\n<p>Zus\u00e4tzlich zu der EU-Verordnung gelten auch noch nationale Gesetze:<\/p>\n<ul>\n<li>In <strong>\u00d6sterreich<\/strong> ist dies das Bundesgesetz zum Schutz nat\u00fcrlicher Personen bei der Verarbeitung personenbezogener Daten (<strong>Datenschutzgesetz<\/strong>), kurz <strong>DSG<\/strong>.<\/li>\n<li>In <strong>Deutschland<\/strong> gilt das <strong>Bundesdatenschutzgesetz<\/strong>, kurz<strong> BDSG<\/strong>.<\/li>\n<\/ul>\n<p>Sofern weitere regionale oder nationale Gesetze zur Anwendung kommen, informieren wir Sie in den folgenden Abschnitten dar\u00fcber.<\/p>\n<p><strong>Kontaktdaten des Verantwortlichen<\/strong><\/p>\n<p>Sollten Sie Fragen zum Datenschutz oder zur Verarbeitung personenbezogener Daten haben, finden Sie nachfolgend die Kontaktdaten der verantwortlichen Person bzw. Stelle:<\/p>\n<p><strong>Speicherdauer<\/strong><\/p>\n<p>Dass wir personenbezogene Daten nur so lange speichern, wie es f\u00fcr die Bereitstellung unserer Dienstleistungen und Produkte unbedingt notwendig ist, gilt als generelles Kriterium bei uns. Das bedeutet, dass wir personenbezogene Daten l\u00f6schen, sobald der Grund f\u00fcr die Datenverarbeitung nicht mehr vorhanden ist. In einigen F\u00e4llen sind wir gesetzlich dazu verpflichtet, bestimmte Daten auch nach Wegfall des urspr\u00fcnglichen Zwecks zu speichern, zum Beispiel zu Zwecken der Buchf\u00fchrung.<\/p>\n<p>Sollten Sie die L\u00f6schung Ihrer Daten w\u00fcnschen oder die Einwilligung zur Datenverarbeitung widerrufen, werden die Daten so rasch wie m\u00f6glich und soweit keine Pflicht zur Speicherung besteht, gel\u00f6scht.<\/p>\n<p>\u00dcber die konkrete Dauer der jeweiligen Datenverarbeitung informieren wir Sie weiter unten, sofern wir weitere Informationen dazu haben.<\/p>\n<p><strong>Rechte laut Datenschutz-Grundverordnung<\/strong><\/p>\n<p>Laut Artikel 13 DSGVO stehen Ihnen die folgenden Rechte zu, damit es zu einer fairen und transparenten Verarbeitung von Daten kommt:<\/p>\n<ul>\n<li>Sie haben laut Artikel 15 DSGVO ein Auskunftsrecht dar\u00fcber, ob wir Daten von Ihnen verarbeiten. Sollte das zutreffen, haben Sie Recht darauf eine Kopie der Daten zu erhalten und die folgenden Informationen zu erfahren:\n<ul>\n<li>zu welchem Zweck wir die Verarbeitung durchf\u00fchren;<\/li>\n<li>die Kategorien, also die Arten von Daten, die verarbeitet werden;<\/li>\n<li>wer diese Daten erh\u00e4lt und wenn die Daten an Drittl\u00e4nder \u00fcbermittelt werden, wie die Sicherheit garantiert werden kann;<\/li>\n<li>wie lange die Daten gespeichert werden;<\/li>\n<li>das Bestehen des Rechts auf Berichtigung, L\u00f6schung oder Einschr\u00e4nkung der Verarbeitung und dem Widerspruchsrecht gegen die Verarbeitung;<\/li>\n<li>dass Sie sich bei einer Aufsichtsbeh\u00f6rde beschweren k\u00f6nnen (Links zu diesen Beh\u00f6rden finden Sie weiter unten);<\/li>\n<li>die Herkunft der Daten, wenn wir sie nicht bei Ihnen erhoben haben;<\/li>\n<li>ob Profiling durchgef\u00fchrt wird, ob also Daten automatisch ausgewertet werden, um zu einem pers\u00f6nlichen Profil von Ihnen zu gelangen.<\/li>\n<\/ul>\n<\/li>\n<li>Sie haben laut Artikel 16 DSGVO ein Recht auf Berichtigung der Daten, was bedeutet, dass wir Daten richtig stellen m\u00fcssen, falls Sie Fehler finden.<\/li>\n<li>Sie haben laut Artikel 17 DSGVO das Recht auf L\u00f6schung (\u201eRecht auf Vergessenwerden\u201c), was konkret bedeutet, dass Sie die L\u00f6schung Ihrer Daten verlangen d\u00fcrfen.<\/li>\n<li>Sie haben laut Artikel 18 DSGVO das Recht auf Einschr\u00e4nkung der Verarbeitung, was bedeutet, dass wir die Daten nur mehr speichern d\u00fcrfen aber nicht weiter verwenden.<\/li>\n<li>Sie haben laut Artikel 19 DSGVO das Recht auf Daten\u00fcbertragbarkeit, was bedeutet, dass wir Ihnen auf Anfrage Ihre Daten in einem g\u00e4ngigen Format zur Verf\u00fcgung stellen.<\/li>\n<li>Sie haben laut Artikel 21 DSGVO ein Widerspruchsrecht, welches nach Durchsetzung eine \u00c4nderung der Verarbeitung mit sich bringt.\n<ul>\n<li>Wenn die Verarbeitung Ihrer Daten auf Artikel 6 Abs. 1 lit. e (\u00f6ffentliches Interesse, Aus\u00fcbung \u00f6ffentlicher Gewalt) oder Artikel 6 Abs. 1 lit. f (berechtigtes Interesse) basiert, k\u00f6nnen Sie gegen die Verarbeitung Widerspruch einlegen. Wir pr\u00fcfen danach so rasch wie m\u00f6glich, ob wir diesem Widerspruch rechtlich nachkommen k\u00f6nnen.<\/li>\n<li>Werden Daten verwendet, um Direktwerbung zu betreiben, k\u00f6nnen Sie jederzeit gegen diese Art der Datenverarbeitung widersprechen. Wir d\u00fcrfen Ihre Daten danach nicht mehr f\u00fcr Direktmarketing verwenden.<\/li>\n<li>Werden Daten verwendet, um Profiling zu betreiben, k\u00f6nnen Sie jederzeit gegen diese Art der Datenverarbeitung widersprechen. Wir d\u00fcrfen Ihre Daten danach nicht mehr f\u00fcr Profiling verwenden.<\/li>\n<\/ul>\n<\/li>\n<li>Sie haben laut Artikel 22 DSGVO unter Umst\u00e4nden das Recht, nicht einer ausschlie\u00dflich auf einer automatisierten Verarbeitung (zum Beispiel Profiling) beruhenden Entscheidung unterworfen zu werden.<\/li>\n<\/ul>\n<p><strong>Kurz gesagt:<\/strong> Sie haben Rechte \u2013 z\u00f6gern Sie nicht, die oben gelistete verantwortliche Stelle bei uns zu kontaktieren!<\/p>\n<p>Wenn Sie glauben, dass die Verarbeitung Ihrer Daten gegen das Datenschutzrecht verst\u00f6\u00dft oder Ihre datenschutzrechtlichen Anspr\u00fcche in sonst einer Weise verletzt worden sind, k\u00f6nnen Sie sich bei der Aufsichtsbeh\u00f6rde beschweren. Diese ist f\u00fcr \u00d6sterreich die Datenschutzbeh\u00f6rde, deren Website Sie unter <a href=\"https:\/\/www.dsb.gv.at\/?tid=121996291\">https:\/\/www.dsb.gv.at\/<\/a> finden. In Deutschland gibt es f\u00fcr jedes Bundesland einen Datenschutzbeauftragten. F\u00fcr n\u00e4here Informationen k\u00f6nnen Sie sich an die <a href=\"https:\/\/www.bfdi.bund.de\/DE\/Home\/home_node.html\">Bundesbeauftragte f\u00fcr den Datenschutz und die Informationsfreiheit (BfDI)<\/a> wenden. F\u00fcr unser Unternehmen ist die folgende lokale Datenschutzbeh\u00f6rde zust\u00e4ndig:<\/p>\n<p><strong>\u00d6sterreich Datenschutzbeh\u00f6rde<\/strong><\/p>\n<p><strong>Leiterin: <\/strong>Mag. Dr. Andrea Jelinek<strong><br \/>\nAdresse: <\/strong>Barichgasse 40-42, 1030 Wien<strong><br \/>\nTelefonnr.: <\/strong>+43 1 52\u00a0152-0<strong><br \/>\nE-Mail-Adresse: <\/strong><a href=\"mailto:dsb@dsb.gv.at\">dsb@dsb.gv.at<\/a> <strong><br \/>\nWebsite: <\/strong><a href=\"https:\/\/www.dsb.gv.at\/\">https:\/\/www.dsb.gv.at\/<\/a><\/p>\n<p><strong>Kommunikation<\/strong><\/p>\n<table>\n<tbody>\n<tr>\n<td><strong>Kommunikation Zusammenfassung<\/strong><br \/>\n\ud83d\udc65 Betroffene: Alle, die mit uns per Telefon, E-Mail oder Online-Formular kommunizieren<br \/>\n\ud83d\udcd3 Verarbeitete Daten: z. B. Telefonnummer, Name, E-Mail-Adresse, eingegebene Formulardaten. Mehr Details dazu finden Sie bei der jeweils eingesetzten Kontaktart<br \/>\n\ud83e\udd1d Zweck: Abwicklung der Kommunikation mit Kunden, Gesch\u00e4ftspartnern usw.<br \/>\n\ud83d\udcc5 Speicherdauer: Dauer des Gesch\u00e4ftsfalls und der gesetzlichen Vorschriften<br \/>\n\u2696\ufe0f Rechtsgrundlagen: Art. 6 Abs. 1 lit. a DSGVO (Einwilligung), Art. 6 Abs. 1 lit. b DSGVO (Vertrag), Art. 6 Abs. 1 lit. f DSGVO (Berechtigte Interessen)<\/td>\n<\/tr>\n<\/tbody>\n<\/table>\n<p>Wenn Sie mit uns Kontakt aufnehmen und per Telefon, E-Mail oder Online-Formular kommunizieren, kann es zur Verarbeitung personenbezogener Daten kommen.<\/p>\n<p>Die Daten werden f\u00fcr die Abwicklung und Bearbeitung Ihrer Frage und des damit zusammenh\u00e4ngenden Gesch\u00e4ftsvorgangs verarbeitet. Die Daten w\u00e4hrend eben solange gespeichert bzw. solange es das Gesetz vorschreibt.<\/p>\n<p><strong>Betroffene Personen<\/strong><\/p>\n<p>Von den genannten Vorg\u00e4ngen sind alle betroffen, die \u00fcber die von uns bereit gestellten Kommunikationswege den Kontakt zu uns suchen.<\/p>\n<p><strong>Telefon<\/strong><\/p>\n<p>Wenn Sie uns anrufen, werden die Anrufdaten auf dem jeweiligen Endger\u00e4t und beim eingesetzten Telekommunikationsanbieter pseudonymisiert gespeichert. Au\u00dferdem k\u00f6nnen Daten wie Name und Telefonnummer im Anschluss per E-Mail versendet und zur Anfragebeantwortung gespeichert werden. Die Daten werden gel\u00f6scht, sobald der Gesch\u00e4ftsfall beendet wurde und es gesetzliche Vorgaben erlauben.<\/p>\n<p><strong>E-Mail<\/strong><\/p>\n<p>Wenn Sie mit uns per E-Mail kommunizieren, werden Daten gegebenenfalls auf dem jeweiligen Endger\u00e4t (Computer, Laptop, Smartphone,\u2026) gespeichert und es kommt zur Speicherung von Daten auf dem E-Mail-Server. Die Daten werden gel\u00f6scht, sobald der Gesch\u00e4ftsfall beendet wurde und es gesetzliche Vorgaben erlauben.<\/p>\n<p><strong>Online Formulare<\/strong><\/p>\n<p>Wenn Sie mit uns mittels Online-Formular kommunizieren, werden Daten auf unserem Webserver gespeichert und gegebenenfalls an eine E-Mail-Adresse von uns weitergeleitet. Die Daten werden gel\u00f6scht, sobald der Gesch\u00e4ftsfall beendet wurde und es gesetzliche Vorgaben erlauben.<\/p>\n<p><strong>Rechtsgrundlagen<\/strong><\/p>\n<p>Die Verarbeitung der Daten basiert auf den folgenden Rechtsgrundlagen:<\/p>\n<ul>\n<li>Art. 6 Abs. 1 lit. a DSGVO (Einwilligung): Sie geben uns die Einwilligung Ihre Daten zu speichern und weiter f\u00fcr den Gesch\u00e4ftsfall betreffende Zwecke zu verwenden;<\/li>\n<li>Art. 6 Abs. 1 lit. b DSGVO (Vertrag): Es besteht die Notwendigkeit f\u00fcr die Erf\u00fcllung eines Vertrags mit Ihnen oder einem Auftragsverarbeiter wie z. B. dem Telefonanbieter oder wir m\u00fcssen die Daten f\u00fcr vorvertragliche T\u00e4tigkeiten, wie z. B. die Vorbereitung eines Angebots, verarbeiten;<\/li>\n<li>Art. 6 Abs. 1 lit. f DSGVO (Berechtigte Interessen): Wir wollen Kundenanfragen und gesch\u00e4ftliche Kommunikation in einem professionellen Rahmen betreiben. Dazu sind gewisse technische Einrichtungen wie z. B. E-Mail-Programme, Exchange-Server und Mobilfunkbetreiber notwendig, um die Kommunikation effizient betreiben zu k\u00f6nnen.<\/li>\n<\/ul>\n<p><strong>Cookies<\/strong><\/p>\n<table>\n<tbody>\n<tr>\n<td><strong>Cookies Zusammenfassung<\/strong><br \/>\n\ud83d\udc65 Betroffene: Besucher der Website<br \/>\n\ud83e\udd1d Zweck: abh\u00e4ngig vom jeweiligen Cookie. Mehr Details dazu finden Sie weiter unten bzw. beim Hersteller der Software, der das Cookie setzt.<br \/>\n\ud83d\udcd3 Verarbeitete Daten: Abh\u00e4ngig vom jeweils eingesetzten Cookie. Mehr Details dazu finden Sie weiter unten bzw. beim Hersteller der Software, der das Cookie setzt.<br \/>\n\ud83d\udcc5 Speicherdauer: abh\u00e4ngig vom jeweiligen Cookie, kann von Stunden bis hin zu Jahren variieren<br \/>\n\u2696\ufe0f Rechtsgrundlagen: Art. 6 Abs. 1 lit. a DSGVO (Einwilligung), Art. 6 Abs. 1 lit.f DSGVO (Berechtigte Interessen)<\/td>\n<\/tr>\n<\/tbody>\n<\/table>\n<p><strong>Was sind Cookies?<\/strong><\/p>\n<p>Unsere Website verwendet HTTP-Cookies, um nutzerspezifische Daten zu speichern.<br \/>\nIm Folgenden erkl\u00e4ren wir, was Cookies sind und warum Sie genutzt werden, damit Sie die folgende Datenschutzerkl\u00e4rung besser verstehen.<\/p>\n<p>Immer wenn Sie durch das Internet surfen, verwenden Sie einen Browser. Bekannte Browser sind beispielsweise Chrome, Safari, Firefox, Internet Explorer und Microsoft Edge. Die meisten Websites speichern kleine Text-Dateien in Ihrem Browser. Diese Dateien nennt man Cookies.<\/p>\n<p>Eines ist nicht von der Hand zu weisen: Cookies sind echt n\u00fctzliche Helferlein. Fast alle Websites verwenden Cookies. Genauer gesprochen sind es HTTP-Cookies, da es auch noch andere Cookies f\u00fcr andere Anwendungsbereiche gibt. HTTP-Cookies sind kleine Dateien, die von unserer Website auf Ihrem Computer gespeichert werden. Diese Cookie-Dateien werden automatisch im Cookie-Ordner, quasi dem \u201cHirn\u201d Ihres Browsers, untergebracht. Ein Cookie besteht aus einem Namen und einem Wert. Bei der Definition eines Cookies m\u00fcssen zus\u00e4tzlich ein oder mehrere Attribute angegeben werden.<\/p>\n<p>Cookies speichern gewisse Nutzerdaten von Ihnen, wie beispielsweise Sprache oder pers\u00f6nliche Seiteneinstellungen. Wenn Sie unsere Seite wieder aufrufen, \u00fcbermittelt Ihr Browser die \u201euserbezogenen\u201c Informationen an unsere Seite zur\u00fcck. Dank der Cookies wei\u00df unsere Website, wer Sie sind und bietet Ihnen die Einstellung, die Sie gewohnt sind. In einigen Browsern hat jedes Cookie eine eigene Datei, in anderen wie beispielsweise Firefox sind alle Cookies in einer einzigen Datei gespeichert.<\/p>\n<p>Die folgende Grafik zeigt eine m\u00f6gliche Interaktion zwischen einem Webbrowser wie z. B. Chrome und dem Webserver. Dabei fordert der Webbrowser eine Website an und erh\u00e4lt vom Server ein Cookie zur\u00fcck, welches der Browser erneut verwendet, sobald eine andere Seite angefordert wird.<\/p>\n<\/div><\/div><\/div><\/div><\/div><\/p>\n","protected":false},"excerpt":{"rendered":"","protected":false},"author":1,"featured_media":0,"parent":0,"menu_order":0,"comment_status":"closed","ping_status":"closed","template":"","meta":{"footnotes":""},"class_list":["post-3","page","type-page","status-publish","hentry"],"yoast_head":"<!-- This site is optimized with the Yoast SEO plugin v27.5 - https:\/\/yoast.com\/product\/yoast-seo-wordpress\/ -->\n<title>Datenschutz - D&amp;R Versicherungsmakler sb\u00fcro<\/title>\n<meta name=\"description\" content=\"D&amp;R Stein und Stummerer GmbH, Friedrich Leth-Gasse 9\/2, 2322 Zw\u00f6lfaxing, \u00d6sterreich, Tel.: 0720 881 600, E-Mail: office@dr-versicherung.at\" \/>\n<meta name=\"robots\" content=\"index, follow, max-snippet:-1, max-image-preview:large, max-video-preview:-1\" \/>\n<link rel=\"canonical\" href=\"https:\/\/dr-versicherung.at\/index.php\/privacy-policy\/\" \/>\n<meta property=\"og:locale\" content=\"de_DE\" \/>\n<meta property=\"og:type\" content=\"article\" \/>\n<meta property=\"og:title\" content=\"Datenschutz - D&amp;R Versicherungsmakler sb\u00fcro\" \/>\n<meta property=\"og:description\" content=\"D&amp;R Stein und Stummerer GmbH, Friedrich Leth-Gasse 9\/2, 2322 Zw\u00f6lfaxing, \u00d6sterreich, Tel.: 0720 881 600, E-Mail: office@dr-versicherung.at\" \/>\n<meta property=\"og:url\" content=\"https:\/\/dr-versicherung.at\/index.php\/privacy-policy\/\" \/>\n<meta property=\"og:site_name\" content=\"D&amp;R Versicherungsmakler\" \/>\n<meta property=\"article:publisher\" content=\"https:\/\/www.facebook.com\/drversicherung\" \/>\n<meta property=\"article:modified_time\" content=\"2024-03-18T13:16:24+00:00\" \/>\n<meta name=\"twitter:card\" content=\"summary_large_image\" \/>\n<meta name=\"twitter:label1\" content=\"Gesch\u00e4tzte Lesezeit\" \/>\n\t<meta name=\"twitter:data1\" content=\"18\u00a0Minuten\" \/>\n<script type=\"application\/ld+json\" class=\"yoast-schema-graph\">{\"@context\":\"https:\\\/\\\/schema.org\",\"@graph\":[{\"@type\":\"WebPage\",\"@id\":\"https:\\\/\\\/dr-versicherung.at\\\/index.php\\\/privacy-policy\\\/\",\"url\":\"https:\\\/\\\/dr-versicherung.at\\\/index.php\\\/privacy-policy\\\/\",\"name\":\"Datenschutz - D&amp;R Versicherungsmakler sb\u00fcro\",\"isPartOf\":{\"@id\":\"https:\\\/\\\/dr-versicherung.at\\\/#website\"},\"datePublished\":\"2022-04-19T10:34:10+00:00\",\"dateModified\":\"2024-03-18T13:16:24+00:00\",\"description\":\"D&R Stein und Stummerer GmbH, Friedrich Leth-Gasse 9\\\/2, 2322 Zw\u00f6lfaxing, \u00d6sterreich, Tel.: 0720 881 600, E-Mail: office@dr-versicherung.at\",\"breadcrumb\":{\"@id\":\"https:\\\/\\\/dr-versicherung.at\\\/index.php\\\/privacy-policy\\\/#breadcrumb\"},\"inLanguage\":\"de\",\"potentialAction\":[{\"@type\":\"ReadAction\",\"target\":[\"https:\\\/\\\/dr-versicherung.at\\\/index.php\\\/privacy-policy\\\/\"]}]},{\"@type\":\"BreadcrumbList\",\"@id\":\"https:\\\/\\\/dr-versicherung.at\\\/index.php\\\/privacy-policy\\\/#breadcrumb\",\"itemListElement\":[{\"@type\":\"ListItem\",\"position\":1,\"name\":\"Startseite\",\"item\":\"https:\\\/\\\/dr-versicherung.at\\\/\"},{\"@type\":\"ListItem\",\"position\":2,\"name\":\"Datenschutz\"}]},{\"@type\":\"WebSite\",\"@id\":\"https:\\\/\\\/dr-versicherung.at\\\/#website\",\"url\":\"https:\\\/\\\/dr-versicherung.at\\\/\",\"name\":\"D&amp;R Versicherungsmakler\",\"description\":\"D&amp;R Versicherungsmakler\",\"publisher\":{\"@id\":\"https:\\\/\\\/dr-versicherung.at\\\/#organization\"},\"potentialAction\":[{\"@type\":\"SearchAction\",\"target\":{\"@type\":\"EntryPoint\",\"urlTemplate\":\"https:\\\/\\\/dr-versicherung.at\\\/?s={search_term_string}\"},\"query-input\":{\"@type\":\"PropertyValueSpecification\",\"valueRequired\":true,\"valueName\":\"search_term_string\"}}],\"inLanguage\":\"de\"},{\"@type\":\"Organization\",\"@id\":\"https:\\\/\\\/dr-versicherung.at\\\/#organization\",\"name\":\"Versicherungsb\u00fcro D&R\",\"url\":\"https:\\\/\\\/dr-versicherung.at\\\/\",\"logo\":{\"@type\":\"ImageObject\",\"inLanguage\":\"de\",\"@id\":\"https:\\\/\\\/dr-versicherung.at\\\/#\\\/schema\\\/logo\\\/image\\\/\",\"url\":\"https:\\\/\\\/dr-versicherung.at\\\/wp-content\\\/uploads\\\/2022\\\/04\\\/Versicherungsbuero_DR_FINAL_300dpi.png\",\"contentUrl\":\"https:\\\/\\\/dr-versicherung.at\\\/wp-content\\\/uploads\\\/2022\\\/04\\\/Versicherungsbuero_DR_FINAL_300dpi.png\",\"width\":2768,\"height\":3721,\"caption\":\"Versicherungsb\u00fcro D&R\"},\"image\":{\"@id\":\"https:\\\/\\\/dr-versicherung.at\\\/#\\\/schema\\\/logo\\\/image\\\/\"},\"sameAs\":[\"https:\\\/\\\/www.facebook.com\\\/drversicherung\",\"https:\\\/\\\/www.instagram.com\\\/dr_versicherung\\\/\"]}]}<\/script>\n<!-- \/ Yoast SEO plugin. -->","yoast_head_json":{"title":"Datenschutz - D&amp;R Versicherungsmakler sb\u00fcro","description":"D&R Stein und Stummerer GmbH, Friedrich Leth-Gasse 9\/2, 2322 Zw\u00f6lfaxing, \u00d6sterreich, Tel.: 0720 881 600, E-Mail: office@dr-versicherung.at","robots":{"index":"index","follow":"follow","max-snippet":"max-snippet:-1","max-image-preview":"max-image-preview:large","max-video-preview":"max-video-preview:-1"},"canonical":"https:\/\/dr-versicherung.at\/index.php\/privacy-policy\/","og_locale":"de_DE","og_type":"article","og_title":"Datenschutz - D&amp;R Versicherungsmakler sb\u00fcro","og_description":"D&R Stein und Stummerer GmbH, Friedrich Leth-Gasse 9\/2, 2322 Zw\u00f6lfaxing, \u00d6sterreich, Tel.: 0720 881 600, E-Mail: office@dr-versicherung.at","og_url":"https:\/\/dr-versicherung.at\/index.php\/privacy-policy\/","og_site_name":"D&amp;R Versicherungsmakler","article_publisher":"https:\/\/www.facebook.com\/drversicherung","article_modified_time":"2024-03-18T13:16:24+00:00","twitter_card":"summary_large_image","twitter_misc":{"Gesch\u00e4tzte Lesezeit":"18\u00a0Minuten"},"schema":{"@context":"https:\/\/schema.org","@graph":[{"@type":"WebPage","@id":"https:\/\/dr-versicherung.at\/index.php\/privacy-policy\/","url":"https:\/\/dr-versicherung.at\/index.php\/privacy-policy\/","name":"Datenschutz - D&amp;R Versicherungsmakler sb\u00fcro","isPartOf":{"@id":"https:\/\/dr-versicherung.at\/#website"},"datePublished":"2022-04-19T10:34:10+00:00","dateModified":"2024-03-18T13:16:24+00:00","description":"D&R Stein und Stummerer GmbH, Friedrich Leth-Gasse 9\/2, 2322 Zw\u00f6lfaxing, \u00d6sterreich, Tel.: 0720 881 600, E-Mail: office@dr-versicherung.at","breadcrumb":{"@id":"https:\/\/dr-versicherung.at\/index.php\/privacy-policy\/#breadcrumb"},"inLanguage":"de","potentialAction":[{"@type":"ReadAction","target":["https:\/\/dr-versicherung.at\/index.php\/privacy-policy\/"]}]},{"@type":"BreadcrumbList","@id":"https:\/\/dr-versicherung.at\/index.php\/privacy-policy\/#breadcrumb","itemListElement":[{"@type":"ListItem","position":1,"name":"Startseite","item":"https:\/\/dr-versicherung.at\/"},{"@type":"ListItem","position":2,"name":"Datenschutz"}]},{"@type":"WebSite","@id":"https:\/\/dr-versicherung.at\/#website","url":"https:\/\/dr-versicherung.at\/","name":"D&amp;R Versicherungsmakler","description":"D&amp;R Versicherungsmakler","publisher":{"@id":"https:\/\/dr-versicherung.at\/#organization"},"potentialAction":[{"@type":"SearchAction","target":{"@type":"EntryPoint","urlTemplate":"https:\/\/dr-versicherung.at\/?s={search_term_string}"},"query-input":{"@type":"PropertyValueSpecification","valueRequired":true,"valueName":"search_term_string"}}],"inLanguage":"de"},{"@type":"Organization","@id":"https:\/\/dr-versicherung.at\/#organization","name":"Versicherungsb\u00fcro D&R","url":"https:\/\/dr-versicherung.at\/","logo":{"@type":"ImageObject","inLanguage":"de","@id":"https:\/\/dr-versicherung.at\/#\/schema\/logo\/image\/","url":"https:\/\/dr-versicherung.at\/wp-content\/uploads\/2022\/04\/Versicherungsbuero_DR_FINAL_300dpi.png","contentUrl":"https:\/\/dr-versicherung.at\/wp-content\/uploads\/2022\/04\/Versicherungsbuero_DR_FINAL_300dpi.png","width":2768,"height":3721,"caption":"Versicherungsb\u00fcro D&R"},"image":{"@id":"https:\/\/dr-versicherung.at\/#\/schema\/logo\/image\/"},"sameAs":["https:\/\/www.facebook.com\/drversicherung","https:\/\/www.instagram.com\/dr_versicherung\/"]}]}},"_links":{"self":[{"href":"https:\/\/dr-versicherung.at\/index.php\/wp-json\/wp\/v2\/pages\/3","targetHints":{"allow":["GET"]}}],"collection":[{"href":"https:\/\/dr-versicherung.at\/index.php\/wp-json\/wp\/v2\/pages"}],"about":[{"href":"https:\/\/dr-versicherung.at\/index.php\/wp-json\/wp\/v2\/types\/page"}],"author":[{"embeddable":true,"href":"https:\/\/dr-versicherung.at\/index.php\/wp-json\/wp\/v2\/users\/1"}],"replies":[{"embeddable":true,"href":"https:\/\/dr-versicherung.at\/index.php\/wp-json\/wp\/v2\/comments?post=3"}],"version-history":[{"count":6,"href":"https:\/\/dr-versicherung.at\/index.php\/wp-json\/wp\/v2\/pages\/3\/revisions"}],"predecessor-version":[{"id":130,"href":"https:\/\/dr-versicherung.at\/index.php\/wp-json\/wp\/v2\/pages\/3\/revisions\/130"}],"wp:attachment":[{"href":"https:\/\/dr-versicherung.at\/index.php\/wp-json\/wp\/v2\/media?parent=3"}],"curies":[{"name":"wp","href":"https:\/\/api.w.org\/{rel}","templated":true}]}}